{"id":1083,"date":"2020-12-02T13:57:24","date_gmt":"2020-12-02T13:57:24","guid":{"rendered":"http:\/\/imkerei-watermeyer.de\/?page_id=1083"},"modified":"2023-01-28T13:10:42","modified_gmt":"2023-01-28T13:10:42","slug":"cees-van-millus","status":"publish","type":"page","link":"http:\/\/imkerei-watermeyer.de\/?page_id=1083","title":{"rendered":"Unsere Gro\u00dfspitze"},"content":{"rendered":"\n<p>Unser wei\u00dfer Gro\u00dfspitzr\u00fcde Cees van Millus stammt aus der Zucht von Anny van den Boomen aus den Niederlanden. Dort wurde er am 15.08.2020 geboren.<\/p>\n\n\n\n<figure class=\"wp-block-image size-large\"><img data-attachment-id=\"1168\" data-permalink=\"http:\/\/imkerei-watermeyer.de\/?attachment_id=1168\" data-orig-file=\"http:\/\/imkerei-watermeyer.de\/wp-content\/uploads\/2022\/05\/img_6908.jpg\" data-orig-size=\"739,739\" data-comments-opened=\"1\" data-image-meta=\"{&quot;aperture&quot;:&quot;0&quot;,&quot;credit&quot;:&quot;&quot;,&quot;camera&quot;:&quot;&quot;,&quot;caption&quot;:&quot;&quot;,&quot;created_timestamp&quot;:&quot;0&quot;,&quot;copyright&quot;:&quot;&quot;,&quot;focal_length&quot;:&quot;0&quot;,&quot;iso&quot;:&quot;0&quot;,&quot;shutter_speed&quot;:&quot;0&quot;,&quot;title&quot;:&quot;&quot;,&quot;orientation&quot;:&quot;1&quot;}\" data-image-title=\"img_6908\" data-image-description=\"\" data-image-caption=\"\" data-medium-file=\"http:\/\/imkerei-watermeyer.de\/wp-content\/uploads\/2022\/05\/img_6908-300x300.jpg\" data-large-file=\"http:\/\/imkerei-watermeyer.de\/wp-content\/uploads\/2022\/05\/img_6908.jpg\" decoding=\"async\" loading=\"lazy\" width=\"739\" height=\"739\" src=\"http:\/\/imkerei-watermeyer.de\/wp-content\/uploads\/2022\/05\/img_6908.jpg\" alt=\"\" class=\"wp-image-1168\" srcset=\"http:\/\/imkerei-watermeyer.de\/wp-content\/uploads\/2022\/05\/img_6908.jpg 739w, http:\/\/imkerei-watermeyer.de\/wp-content\/uploads\/2022\/05\/img_6908-300x300.jpg 300w, http:\/\/imkerei-watermeyer.de\/wp-content\/uploads\/2022\/05\/img_6908-150x150.jpg 150w, http:\/\/imkerei-watermeyer.de\/wp-content\/uploads\/2022\/05\/img_6908-75x75.jpg 75w\" sizes=\"(max-width: 739px) 100vw, 739px\" \/><figcaption class=\"wp-element-caption\">Der kleine Cees.<\/figcaption><\/figure>\n\n\n\n<figure data-carousel-extra='{\"blog_id\":1,\"permalink\":\"http:\\\/\\\/imkerei-watermeyer.de\\\/?page_id=1083\"}'  class=\"wp-block-gallery columns-0 is-cropped wp-block-gallery-1 is-layout-flex\"><ul class=\"blocks-gallery-grid\"><\/ul><\/figure>\n\n\n\n<p>Seit langem wollten Ina und Daniel schon einen Hund haben und  &#8211; durch den Hauskauf und Daniels Arbeitsplatzwechsel im Fr\u00fchjahr 2020 &#8211; war endlich die M\u00f6glichkeit da. Daniel wird auch ohne Corona zuk\u00fcnftig oft aus dem Homeoffice arbeiten k\u00f6nnen und mit dem Haus haben wir auch gen\u00fcgend Fl\u00e4che f\u00fcr einen Hund.<\/p>\n\n\n\n<p>Also haben wir uns ab April auf die Suche gemacht. Da Daniel bereits einen Gro\u00dfspitz hatte und Bambi, die H\u00fcndin von Daniels Tochter Anne, auch Ina \u00fcberzeugen konnte, sollte es ein Gro\u00dfspitz werden und zwar ein wei\u00dfer R\u00fcde. Die Suche war aber gar nicht so einfach! Es gibt kaum noch Gro\u00dfspitzz\u00fcchter und die Rasse ist mittlerweile vom Aussterben bedroht.<\/p>\n\n\n\n<p>Gl\u00fccklicherweise gibt es die wirklich toll und verbands\u00fcbergreifend gef\u00fchrte <a href=\"http:\/\/www.spitzdatenbank.de\">Spitzdatenbank<\/a> in der sich Daniel dann angemeldet hat. Hier gibt es die Stammb\u00e4ume zu den angemeldeten Hunden und vor allem gibt es Wurfank\u00fcndigungen und Wurfmeldungen.<\/p>\n\n\n\n<p>So wusste Daniel, wen er anschreiben bzw. anrufen musste, um sich zu erkundigen, ob noch ein R\u00fcde aus dem kommenden Wurf verf\u00fcgbar w\u00e4re. Da Ina und Daniel zum Erhalt der Rasse beitragen und Cees nach M\u00f6glichkeit bis zum Deckr\u00fcden bringen wollen, hat Daniel sich auch die jeweiligen Stammb\u00e4ume angeschaut und kontrolliert, welche Werte f\u00fcr den Inzuchtkoeffizienten IK bzw. den Ahnenverlust AV hinterlegt waren.<\/p>\n\n\n\n<p>Informationen zu der Bestimmung des IK bzw. AV k\u00f6nnt ihr auch auf der Internetseite der <a href=\"http:\/\/www.spitzdatenbank.de\">Spitzdatenbank<\/a> finden.<\/p>\n\n\n\n<p>Den Stammbaum von Cees kann man da \u00fcbrigens auch finden unter folgendem Link: <a href=\"https:\/\/www.spitzdatenbank.de\/db\/pedigree.php?term=cees+van+millus&amp;id=288569\">Stammbaum Cees<\/a><\/p>\n\n\n\n<figure class=\"wp-block-image size-large\"><img data-attachment-id=\"1080\" data-permalink=\"http:\/\/imkerei-watermeyer.de\/?attachment_id=1080\" data-orig-file=\"http:\/\/imkerei-watermeyer.de\/wp-content\/uploads\/2020\/12\/img_9430-9-scaled.jpg\" data-orig-size=\"1920,2560\" data-comments-opened=\"1\" data-image-meta=\"{&quot;aperture&quot;:&quot;1.8&quot;,&quot;credit&quot;:&quot;&quot;,&quot;camera&quot;:&quot;iPhone XS&quot;,&quot;caption&quot;:&quot;&quot;,&quot;created_timestamp&quot;:&quot;1606825889&quot;,&quot;copyright&quot;:&quot;&quot;,&quot;focal_length&quot;:&quot;4.25&quot;,&quot;iso&quot;:&quot;100&quot;,&quot;shutter_speed&quot;:&quot;0.02&quot;,&quot;title&quot;:&quot;&quot;,&quot;orientation&quot;:&quot;1&quot;}\" data-image-title=\"img_9430\" data-image-description=\"\" data-image-caption=\"&lt;p&gt;Stammbaum Cees&lt;\/p&gt;\n\" data-medium-file=\"http:\/\/imkerei-watermeyer.de\/wp-content\/uploads\/2020\/12\/img_9430-9-225x300.jpg\" data-large-file=\"http:\/\/imkerei-watermeyer.de\/wp-content\/uploads\/2020\/12\/img_9430-9-768x1024.jpg\" decoding=\"async\" loading=\"lazy\" width=\"768\" height=\"1024\" src=\"http:\/\/imkerei-watermeyer.de\/wp-content\/uploads\/2020\/12\/img_9430-9-768x1024.jpg\" alt=\"\" class=\"wp-image-1080\" srcset=\"http:\/\/imkerei-watermeyer.de\/wp-content\/uploads\/2020\/12\/img_9430-9-768x1024.jpg 768w, http:\/\/imkerei-watermeyer.de\/wp-content\/uploads\/2020\/12\/img_9430-9-225x300.jpg 225w, http:\/\/imkerei-watermeyer.de\/wp-content\/uploads\/2020\/12\/img_9430-9-1152x1536.jpg 1152w, http:\/\/imkerei-watermeyer.de\/wp-content\/uploads\/2020\/12\/img_9430-9-1536x2048.jpg 1536w, http:\/\/imkerei-watermeyer.de\/wp-content\/uploads\/2020\/12\/img_9430-9-1140x1520.jpg 1140w, http:\/\/imkerei-watermeyer.de\/wp-content\/uploads\/2020\/12\/img_9430-9-scaled.jpg 1920w\" sizes=\"(max-width: 768px) 100vw, 768px\" \/><figcaption class=\"wp-element-caption\">Stammbaum Cees<\/figcaption><\/figure>\n\n\n\n<p>Auf diese Art und Weise ist Daniel dann auch auf die Wurfank\u00fcndigung von Anny van den Boomen gesto\u00dfen und hat sich mit ihr in Verbindung gesetzt noch bevor der Wurf tats\u00e4chlich da war. Am 15.08.2020 wurden dann tats\u00e4chlich 6 gesunde Welpen geboren. 4 H\u00fcndinnen und 2 R\u00fcden. Wir hatten also Gl\u00fcck und durften uns einen Welpen aussuchen.<\/p>\n\n\n\n<p>Unsere Wahl fiel auf den \u00e4lteren der beiden Br\u00fcder. Da Anny ihre W\u00fcrfe nicht nach dem Alphabet bezeichnet, durften wir auch einen Namen f\u00fcr den kleinen R\u00fcden festlegen. Ina hatte die Idee, dass es ein Name mit Bezug zu seiner niederl\u00e4ndischen Heimat sein sollte. Daniel und Ina w\u00e4lzten dann diverse Listen mit Hundenamen doch irgendwie passte nichts so richtig oder war f\u00fcr einen Hund irgendwie nicht das Richtige.<\/p>\n\n\n\n<p>Daniel hatte dann die Idee mit dem Namen &#8222;Cees&#8220;. Cees ist die niederl\u00e4ndische Kurzform von Cornelius und h\u00f6rt sich genauso an wie die niederl\u00e4ndische Bezeichnung f\u00fcr den Spitz. Der Spitz wird in den Niederlanden n\u00e4mlich Keeshond genannt. Da passte Cees dann nat\u00fcrlich doppelt gut f\u00fcr einen &#8222;witten Keeshond&#8220;.<\/p>\n\n\n\n<p>Als Cees dann drei Wochen alt war, haben wir ihn zum ersten Mal in seiner Heimat Brabant besucht.<\/p>\n\n\n\n<figure class=\"wp-block-image size-large\"><img data-attachment-id=\"1076\" data-permalink=\"http:\/\/imkerei-watermeyer.de\/?attachment_id=1076\" data-orig-file=\"http:\/\/imkerei-watermeyer.de\/wp-content\/uploads\/2020\/12\/img_8420-6-scaled.jpg\" data-orig-size=\"1920,2560\" data-comments-opened=\"1\" data-image-meta=\"{&quot;aperture&quot;:&quot;1.8&quot;,&quot;credit&quot;:&quot;&quot;,&quot;camera&quot;:&quot;iPhone XS&quot;,&quot;caption&quot;:&quot;&quot;,&quot;created_timestamp&quot;:&quot;1599219576&quot;,&quot;copyright&quot;:&quot;&quot;,&quot;focal_length&quot;:&quot;4.25&quot;,&quot;iso&quot;:&quot;200&quot;,&quot;shutter_speed&quot;:&quot;0.02&quot;,&quot;title&quot;:&quot;&quot;,&quot;orientation&quot;:&quot;1&quot;}\" data-image-title=\"img_8420\" data-image-description=\"&lt;p&gt;der 3 Wochen alte Cees&lt;\/p&gt;\n\" data-image-caption=\"\" data-medium-file=\"http:\/\/imkerei-watermeyer.de\/wp-content\/uploads\/2020\/12\/img_8420-6-225x300.jpg\" data-large-file=\"http:\/\/imkerei-watermeyer.de\/wp-content\/uploads\/2020\/12\/img_8420-6-768x1024.jpg\" decoding=\"async\" loading=\"lazy\" width=\"768\" height=\"1024\" src=\"http:\/\/imkerei-watermeyer.de\/wp-content\/uploads\/2020\/12\/img_8420-6-768x1024.jpg\" alt=\"\" class=\"wp-image-1076\" srcset=\"http:\/\/imkerei-watermeyer.de\/wp-content\/uploads\/2020\/12\/img_8420-6-768x1024.jpg 768w, http:\/\/imkerei-watermeyer.de\/wp-content\/uploads\/2020\/12\/img_8420-6-225x300.jpg 225w, http:\/\/imkerei-watermeyer.de\/wp-content\/uploads\/2020\/12\/img_8420-6-1152x1536.jpg 1152w, http:\/\/imkerei-watermeyer.de\/wp-content\/uploads\/2020\/12\/img_8420-6-1536x2048.jpg 1536w, http:\/\/imkerei-watermeyer.de\/wp-content\/uploads\/2020\/12\/img_8420-6-scaled.jpg 1920w\" sizes=\"(max-width: 768px) 100vw, 768px\" \/><figcaption class=\"wp-element-caption\">der 3 Wochen alte Cees auf Inas Arm<\/figcaption><\/figure>\n\n\n\n<p>Wir konnten es danach kaum noch erwarten, dass er endlich zu uns ziehen konnte.<\/p>\n\n\n\n<p>Nun ist er aber endlich bei uns und lebt sich pr\u00e4chtig ein. Ein gro\u00dfer Vorteil war sicherlich, dass an seinem ersten Wochenende auch Bambi bei uns war und er so etwas Hundegesellschaft hatte.<\/p>\n\n\n\n<figure class=\"wp-block-video\"><video controls src=\"http:\/\/imkerei-watermeyer.de\/wp-content\/uploads\/2020\/12\/joined_video_e5c23a3b718d423094a5c7fbda3df87b.mp4\"><\/video><figcaption class=\"wp-element-caption\">Cees spielt mit Bambi<\/figcaption><\/figure>\n\n\n\n<p>Cees entwickelte sich pr\u00e4chtig und nach einem halben Jahr bei uns hat er Gesellschaft bekommen.<\/p>\n\n\n\n<figure class=\"wp-block-image size-large\"><img data-attachment-id=\"1170\" data-permalink=\"http:\/\/imkerei-watermeyer.de\/?attachment_id=1170\" data-orig-file=\"http:\/\/imkerei-watermeyer.de\/wp-content\/uploads\/2022\/05\/img_6917.jpg\" data-orig-size=\"720,960\" data-comments-opened=\"1\" data-image-meta=\"{&quot;aperture&quot;:&quot;0&quot;,&quot;credit&quot;:&quot;&quot;,&quot;camera&quot;:&quot;&quot;,&quot;caption&quot;:&quot;&quot;,&quot;created_timestamp&quot;:&quot;0&quot;,&quot;copyright&quot;:&quot;&quot;,&quot;focal_length&quot;:&quot;0&quot;,&quot;iso&quot;:&quot;0&quot;,&quot;shutter_speed&quot;:&quot;0&quot;,&quot;title&quot;:&quot;&quot;,&quot;orientation&quot;:&quot;1&quot;}\" data-image-title=\"img_6917\" data-image-description=\"\" data-image-caption=\"\" data-medium-file=\"http:\/\/imkerei-watermeyer.de\/wp-content\/uploads\/2022\/05\/img_6917-225x300.jpg\" data-large-file=\"http:\/\/imkerei-watermeyer.de\/wp-content\/uploads\/2022\/05\/img_6917.jpg\" decoding=\"async\" loading=\"lazy\" width=\"720\" height=\"960\" src=\"http:\/\/imkerei-watermeyer.de\/wp-content\/uploads\/2022\/05\/img_6917.jpg\" alt=\"\" class=\"wp-image-1170\" srcset=\"http:\/\/imkerei-watermeyer.de\/wp-content\/uploads\/2022\/05\/img_6917.jpg 720w, http:\/\/imkerei-watermeyer.de\/wp-content\/uploads\/2022\/05\/img_6917-225x300.jpg 225w\" sizes=\"(max-width: 720px) 100vw, 720px\" \/><figcaption class=\"wp-element-caption\">Cees und C\u00e4sar<\/figcaption><\/figure>\n\n\n\n<p>C\u00e4sar, ein Bruder von Bambi, ist bei uns eingezogen und leistet Cees nun Gesellschaft.<\/p>\n\n\n\n<p>Die beiden R\u00fcden k\u00f6nnten unterschiedlicher nicht sein. Nat\u00fcrlich gibt es dann hin und wieder auch Kloppereien zwischen den beiden, aber sie sind auch froh, einander zu haben.<\/p>\n\n\n\n<figure class=\"wp-block-image size-large\"><img data-attachment-id=\"1171\" data-permalink=\"http:\/\/imkerei-watermeyer.de\/?attachment_id=1171\" data-orig-file=\"http:\/\/imkerei-watermeyer.de\/wp-content\/uploads\/2022\/05\/img_6202-scaled.jpg\" data-orig-size=\"1920,2560\" data-comments-opened=\"1\" data-image-meta=\"{&quot;aperture&quot;:&quot;1.6&quot;,&quot;credit&quot;:&quot;&quot;,&quot;camera&quot;:&quot;iPhone 13&quot;,&quot;caption&quot;:&quot;&quot;,&quot;created_timestamp&quot;:&quot;1650274879&quot;,&quot;copyright&quot;:&quot;&quot;,&quot;focal_length&quot;:&quot;5.1&quot;,&quot;iso&quot;:&quot;50&quot;,&quot;shutter_speed&quot;:&quot;0.00042408821034775&quot;,&quot;title&quot;:&quot;&quot;,&quot;orientation&quot;:&quot;1&quot;}\" data-image-title=\"img_6202\" data-image-description=\"\" data-image-caption=\"\" data-medium-file=\"http:\/\/imkerei-watermeyer.de\/wp-content\/uploads\/2022\/05\/img_6202-225x300.jpg\" data-large-file=\"http:\/\/imkerei-watermeyer.de\/wp-content\/uploads\/2022\/05\/img_6202-768x1024.jpg\" decoding=\"async\" loading=\"lazy\" width=\"768\" height=\"1024\" src=\"http:\/\/imkerei-watermeyer.de\/wp-content\/uploads\/2022\/05\/img_6202-768x1024.jpg\" alt=\"\" class=\"wp-image-1171\" srcset=\"http:\/\/imkerei-watermeyer.de\/wp-content\/uploads\/2022\/05\/img_6202-768x1024.jpg 768w, http:\/\/imkerei-watermeyer.de\/wp-content\/uploads\/2022\/05\/img_6202-225x300.jpg 225w, http:\/\/imkerei-watermeyer.de\/wp-content\/uploads\/2022\/05\/img_6202-1152x1536.jpg 1152w, http:\/\/imkerei-watermeyer.de\/wp-content\/uploads\/2022\/05\/img_6202-1536x2048.jpg 1536w, http:\/\/imkerei-watermeyer.de\/wp-content\/uploads\/2022\/05\/img_6202-1140x1520.jpg 1140w, http:\/\/imkerei-watermeyer.de\/wp-content\/uploads\/2022\/05\/img_6202-scaled.jpg 1920w\" sizes=\"(max-width: 768px) 100vw, 768px\" \/><\/figure>\n\n\n\n<p>Beide R\u00fcden wollen wir zur Zuchtreife im Verein f\u00fcr Deutsche Spitze bringen, um zum Erhalt dieser wunderbaren Hunderasse beizutragen.<\/p>\n\n\n\n<p>F\u00fcr Cees haben wir am 28.05.2022 die Zuchtzulassung erhalten.<\/p>\n\n\n\n<figure class=\"wp-block-image size-large\"><img data-attachment-id=\"1175\" data-permalink=\"http:\/\/imkerei-watermeyer.de\/?attachment_id=1175\" data-orig-file=\"http:\/\/imkerei-watermeyer.de\/wp-content\/uploads\/2022\/05\/img_6921.jpg\" data-orig-size=\"2048,1536\" data-comments-opened=\"1\" data-image-meta=\"{&quot;aperture&quot;:&quot;0&quot;,&quot;credit&quot;:&quot;&quot;,&quot;camera&quot;:&quot;&quot;,&quot;caption&quot;:&quot;&quot;,&quot;created_timestamp&quot;:&quot;0&quot;,&quot;copyright&quot;:&quot;&quot;,&quot;focal_length&quot;:&quot;0&quot;,&quot;iso&quot;:&quot;0&quot;,&quot;shutter_speed&quot;:&quot;0&quot;,&quot;title&quot;:&quot;&quot;,&quot;orientation&quot;:&quot;1&quot;}\" data-image-title=\"img_6921\" data-image-description=\"\" data-image-caption=\"\" data-medium-file=\"http:\/\/imkerei-watermeyer.de\/wp-content\/uploads\/2022\/05\/img_6921-300x225.jpg\" data-large-file=\"http:\/\/imkerei-watermeyer.de\/wp-content\/uploads\/2022\/05\/img_6921-1024x768.jpg\" decoding=\"async\" loading=\"lazy\" width=\"1024\" height=\"768\" src=\"http:\/\/imkerei-watermeyer.de\/wp-content\/uploads\/2022\/05\/img_6921-1024x768.jpg\" alt=\"\" class=\"wp-image-1175\" srcset=\"http:\/\/imkerei-watermeyer.de\/wp-content\/uploads\/2022\/05\/img_6921-1024x768.jpg 1024w, http:\/\/imkerei-watermeyer.de\/wp-content\/uploads\/2022\/05\/img_6921-300x225.jpg 300w, http:\/\/imkerei-watermeyer.de\/wp-content\/uploads\/2022\/05\/img_6921-768x576.jpg 768w, http:\/\/imkerei-watermeyer.de\/wp-content\/uploads\/2022\/05\/img_6921-1536x1152.jpg 1536w, http:\/\/imkerei-watermeyer.de\/wp-content\/uploads\/2022\/05\/img_6921-1140x855.jpg 1140w, http:\/\/imkerei-watermeyer.de\/wp-content\/uploads\/2022\/05\/img_6921.jpg 2048w\" sizes=\"(max-width: 1024px) 100vw, 1024px\" \/><figcaption class=\"wp-element-caption\">Cees in der Abendsonne <\/figcaption><\/figure>\n\n\n\n<p>F\u00fcr C\u00e4sar war der Weg zur Zuchtzulassung noch etwas l\u00e4nger, da er aus einer nicht im FCI organisierten Zucht stammt. Am 28.05.2022 hat er im Alter von fast 16 Monaten die ph\u00e4notypische Bestimmung bestanden und wurde ins Register des Vereins f\u00fcr Deutsche Spitze aufgenommen.<\/p>\n\n\n\n<figure class=\"wp-block-image size-large\"><img data-attachment-id=\"1176\" data-permalink=\"http:\/\/imkerei-watermeyer.de\/?attachment_id=1176\" data-orig-file=\"http:\/\/imkerei-watermeyer.de\/wp-content\/uploads\/2022\/05\/img_6927.jpg\" data-orig-size=\"1440,1082\" data-comments-opened=\"1\" data-image-meta=\"{&quot;aperture&quot;:&quot;0&quot;,&quot;credit&quot;:&quot;&quot;,&quot;camera&quot;:&quot;&quot;,&quot;caption&quot;:&quot;&quot;,&quot;created_timestamp&quot;:&quot;0&quot;,&quot;copyright&quot;:&quot;&quot;,&quot;focal_length&quot;:&quot;0&quot;,&quot;iso&quot;:&quot;0&quot;,&quot;shutter_speed&quot;:&quot;0&quot;,&quot;title&quot;:&quot;&quot;,&quot;orientation&quot;:&quot;1&quot;}\" data-image-title=\"img_6927\" data-image-description=\"\" data-image-caption=\"\" data-medium-file=\"http:\/\/imkerei-watermeyer.de\/wp-content\/uploads\/2022\/05\/img_6927-300x225.jpg\" data-large-file=\"http:\/\/imkerei-watermeyer.de\/wp-content\/uploads\/2022\/05\/img_6927-1024x769.jpg\" decoding=\"async\" loading=\"lazy\" width=\"1024\" height=\"769\" src=\"http:\/\/imkerei-watermeyer.de\/wp-content\/uploads\/2022\/05\/img_6927-1024x769.jpg\" alt=\"\" class=\"wp-image-1176\" srcset=\"http:\/\/imkerei-watermeyer.de\/wp-content\/uploads\/2022\/05\/img_6927-1024x769.jpg 1024w, http:\/\/imkerei-watermeyer.de\/wp-content\/uploads\/2022\/05\/img_6927-300x225.jpg 300w, http:\/\/imkerei-watermeyer.de\/wp-content\/uploads\/2022\/05\/img_6927-768x577.jpg 768w, http:\/\/imkerei-watermeyer.de\/wp-content\/uploads\/2022\/05\/img_6927-1140x857.jpg 1140w, http:\/\/imkerei-watermeyer.de\/wp-content\/uploads\/2022\/05\/img_6927.jpg 1440w\" sizes=\"(max-width: 1024px) 100vw, 1024px\" \/><figcaption class=\"wp-element-caption\">C\u00e4sar in der Abendsonne<\/figcaption><\/figure>\n\n\n\n<p>Damit konnte er auch zu Ausstellungen gehen und die erforderlichen Untersuchungen f\u00fcr die Zuchtzulassung durchf\u00fchren lassen. Mit einem V2 bei der Ausstellung in Dorsten und einem V1 in Altenau hat er die 2 erforderlichen mindestens sehr guten Richterbewertungen erhalten. Genauso wie Cees wurde C\u00e4sar in Altenau auch B.O.B. (best of breed).<\/p>\n\n\n\n<figure class=\"wp-block-image size-large\"><img data-attachment-id=\"1233\" data-permalink=\"http:\/\/imkerei-watermeyer.de\/?attachment_id=1233\" data-orig-file=\"http:\/\/imkerei-watermeyer.de\/wp-content\/uploads\/2023\/01\/img_7881-scaled.jpg\" data-orig-size=\"2560,1920\" data-comments-opened=\"1\" data-image-meta=\"{&quot;aperture&quot;:&quot;1.6&quot;,&quot;credit&quot;:&quot;&quot;,&quot;camera&quot;:&quot;iPhone 13&quot;,&quot;caption&quot;:&quot;&quot;,&quot;created_timestamp&quot;:&quot;1658058870&quot;,&quot;copyright&quot;:&quot;&quot;,&quot;focal_length&quot;:&quot;5.1&quot;,&quot;iso&quot;:&quot;50&quot;,&quot;shutter_speed&quot;:&quot;0.00037993920972644&quot;,&quot;title&quot;:&quot;&quot;,&quot;orientation&quot;:&quot;1&quot;}\" data-image-title=\"img_7881\" data-image-description=\"\" data-image-caption=\"\" data-medium-file=\"http:\/\/imkerei-watermeyer.de\/wp-content\/uploads\/2023\/01\/img_7881-300x225.jpg\" data-large-file=\"http:\/\/imkerei-watermeyer.de\/wp-content\/uploads\/2023\/01\/img_7881-1024x768.jpg\" decoding=\"async\" loading=\"lazy\" width=\"1024\" height=\"768\" src=\"https:\/\/imkerei-watermeyer.de\/wp-content\/uploads\/2023\/01\/img_7881-1024x768.jpg\" alt=\"\" class=\"wp-image-1233\" srcset=\"http:\/\/imkerei-watermeyer.de\/wp-content\/uploads\/2023\/01\/img_7881-1024x768.jpg 1024w, http:\/\/imkerei-watermeyer.de\/wp-content\/uploads\/2023\/01\/img_7881-300x225.jpg 300w, http:\/\/imkerei-watermeyer.de\/wp-content\/uploads\/2023\/01\/img_7881-768x576.jpg 768w, http:\/\/imkerei-watermeyer.de\/wp-content\/uploads\/2023\/01\/img_7881-1536x1152.jpg 1536w, http:\/\/imkerei-watermeyer.de\/wp-content\/uploads\/2023\/01\/img_7881-2048x1536.jpg 2048w\" sizes=\"(max-width: 1024px) 100vw, 1024px\" \/><figcaption class=\"wp-element-caption\">Cees und C\u00e4sars Pokale aus Altenau 2022<\/figcaption><\/figure>\n\n\n\n<p>Die HD-Untersuchung von C\u00e4sar ergab eine HD-A-H\u00fcfte und so konnten wir f\u00fcr ihn die Zuchtzulassung beantragen.<\/p>\n\n\n\n<p>Am 30.12.2022 hat C\u00e4sar nun die Zuchtzulassung im Verein f\u00fcr Deutsche Spitze. Er darf nun mit Genehmigung der Hauptzuchtwartin mit H\u00fcndinnen verpaart werden und somit zur Erweiterung des Genpools beitragen.<\/p>\n\n\n\n<figure class=\"wp-block-image size-large\"><img data-attachment-id=\"1231\" data-permalink=\"http:\/\/imkerei-watermeyer.de\/?attachment_id=1231\" data-orig-file=\"http:\/\/imkerei-watermeyer.de\/wp-content\/uploads\/2023\/01\/img_7906.jpg\" data-orig-size=\"2000,1330\" data-comments-opened=\"1\" data-image-meta=\"{&quot;aperture&quot;:&quot;0&quot;,&quot;credit&quot;:&quot;&quot;,&quot;camera&quot;:&quot;&quot;,&quot;caption&quot;:&quot;&quot;,&quot;created_timestamp&quot;:&quot;0&quot;,&quot;copyright&quot;:&quot;&quot;,&quot;focal_length&quot;:&quot;0&quot;,&quot;iso&quot;:&quot;0&quot;,&quot;shutter_speed&quot;:&quot;0&quot;,&quot;title&quot;:&quot;&quot;,&quot;orientation&quot;:&quot;1&quot;}\" data-image-title=\"img_7906\" data-image-description=\"\" data-image-caption=\"\" data-medium-file=\"http:\/\/imkerei-watermeyer.de\/wp-content\/uploads\/2023\/01\/img_7906-300x200.jpg\" data-large-file=\"http:\/\/imkerei-watermeyer.de\/wp-content\/uploads\/2023\/01\/img_7906-1024x681.jpg\" decoding=\"async\" loading=\"lazy\" width=\"1024\" height=\"681\" src=\"https:\/\/imkerei-watermeyer.de\/wp-content\/uploads\/2023\/01\/img_7906-1024x681.jpg\" alt=\"\" class=\"wp-image-1231\" srcset=\"http:\/\/imkerei-watermeyer.de\/wp-content\/uploads\/2023\/01\/img_7906-1024x681.jpg 1024w, http:\/\/imkerei-watermeyer.de\/wp-content\/uploads\/2023\/01\/img_7906-300x200.jpg 300w, http:\/\/imkerei-watermeyer.de\/wp-content\/uploads\/2023\/01\/img_7906-768x511.jpg 768w, http:\/\/imkerei-watermeyer.de\/wp-content\/uploads\/2023\/01\/img_7906-1536x1021.jpg 1536w, http:\/\/imkerei-watermeyer.de\/wp-content\/uploads\/2023\/01\/img_7906-360x240.jpg 360w, http:\/\/imkerei-watermeyer.de\/wp-content\/uploads\/2023\/01\/img_7906.jpg 2000w\" sizes=\"(max-width: 1024px) 100vw, 1024px\" \/><figcaption class=\"wp-element-caption\">Cees und C\u00e4sar bei der Ausstellung in Dorsten 2022. Das Foto wurde von Andrea Dobberstein fotografiert.<\/figcaption><\/figure>\n\n\n\n<p>Cees ist auch auf Instagram unterwegs und ihr findet ihn, wenn ihr mit eurem Handy diesen QR-Code scannt:<\/p>\n\n\n\n<figure class=\"wp-block-image size-large\"><img data-attachment-id=\"1089\" data-permalink=\"http:\/\/imkerei-watermeyer.de\/?attachment_id=1089\" data-orig-file=\"http:\/\/imkerei-watermeyer.de\/wp-content\/uploads\/2020\/12\/img_9443.jpg\" data-orig-size=\"883,879\" data-comments-opened=\"1\" data-image-meta=\"{&quot;aperture&quot;:&quot;0&quot;,&quot;credit&quot;:&quot;&quot;,&quot;camera&quot;:&quot;&quot;,&quot;caption&quot;:&quot;&quot;,&quot;created_timestamp&quot;:&quot;0&quot;,&quot;copyright&quot;:&quot;&quot;,&quot;focal_length&quot;:&quot;0&quot;,&quot;iso&quot;:&quot;0&quot;,&quot;shutter_speed&quot;:&quot;0&quot;,&quot;title&quot;:&quot;&quot;,&quot;orientation&quot;:&quot;1&quot;}\" data-image-title=\"img_9443\" data-image-description=\"\" data-image-caption=\"&lt;p&gt;QR-Code Cees bei Instagram&lt;\/p&gt;\n\" data-medium-file=\"http:\/\/imkerei-watermeyer.de\/wp-content\/uploads\/2020\/12\/img_9443-300x300.jpg\" data-large-file=\"http:\/\/imkerei-watermeyer.de\/wp-content\/uploads\/2020\/12\/img_9443.jpg\" decoding=\"async\" loading=\"lazy\" width=\"883\" height=\"879\" src=\"http:\/\/imkerei-watermeyer.de\/wp-content\/uploads\/2020\/12\/img_9443.jpg\" alt=\"\" class=\"wp-image-1089\" srcset=\"http:\/\/imkerei-watermeyer.de\/wp-content\/uploads\/2020\/12\/img_9443.jpg 883w, http:\/\/imkerei-watermeyer.de\/wp-content\/uploads\/2020\/12\/img_9443-300x300.jpg 300w, http:\/\/imkerei-watermeyer.de\/wp-content\/uploads\/2020\/12\/img_9443-150x150.jpg 150w, http:\/\/imkerei-watermeyer.de\/wp-content\/uploads\/2020\/12\/img_9443-768x765.jpg 768w, http:\/\/imkerei-watermeyer.de\/wp-content\/uploads\/2020\/12\/img_9443-75x75.jpg 75w\" sizes=\"(max-width: 883px) 100vw, 883px\" \/><figcaption class=\"wp-element-caption\">QR-Code Cees bei Instagram<\/figcaption><\/figure>\n\n\n\n<p>C\u00e4sar findet ihr mit dem folgenden QR-Code bei Instagram:<\/p>\n\n\n\n<figure class=\"wp-block-image size-large\"><img data-attachment-id=\"1173\" data-permalink=\"http:\/\/imkerei-watermeyer.de\/?attachment_id=1173\" data-orig-file=\"http:\/\/imkerei-watermeyer.de\/wp-content\/uploads\/2022\/05\/img_6926.jpg\" data-orig-size=\"825,856\" data-comments-opened=\"1\" data-image-meta=\"{&quot;aperture&quot;:&quot;0&quot;,&quot;credit&quot;:&quot;&quot;,&quot;camera&quot;:&quot;&quot;,&quot;caption&quot;:&quot;&quot;,&quot;created_timestamp&quot;:&quot;0&quot;,&quot;copyright&quot;:&quot;&quot;,&quot;focal_length&quot;:&quot;0&quot;,&quot;iso&quot;:&quot;0&quot;,&quot;shutter_speed&quot;:&quot;0&quot;,&quot;title&quot;:&quot;&quot;,&quot;orientation&quot;:&quot;1&quot;}\" data-image-title=\"img_6926\" data-image-description=\"\" data-image-caption=\"\" data-medium-file=\"http:\/\/imkerei-watermeyer.de\/wp-content\/uploads\/2022\/05\/img_6926-289x300.jpg\" data-large-file=\"http:\/\/imkerei-watermeyer.de\/wp-content\/uploads\/2022\/05\/img_6926.jpg\" decoding=\"async\" loading=\"lazy\" width=\"825\" height=\"856\" src=\"http:\/\/imkerei-watermeyer.de\/wp-content\/uploads\/2022\/05\/img_6926.jpg\" alt=\"\" class=\"wp-image-1173\" srcset=\"http:\/\/imkerei-watermeyer.de\/wp-content\/uploads\/2022\/05\/img_6926.jpg 825w, http:\/\/imkerei-watermeyer.de\/wp-content\/uploads\/2022\/05\/img_6926-289x300.jpg 289w, http:\/\/imkerei-watermeyer.de\/wp-content\/uploads\/2022\/05\/img_6926-768x797.jpg 768w\" sizes=\"(max-width: 825px) 100vw, 825px\" \/><figcaption class=\"wp-element-caption\">QR-Code C\u00e4sar bei Instagram<\/figcaption><\/figure>\n\n\n\n<p>Falls ihr vorher schon Informationen zum Beispiel \u00fcber den Gro\u00dfspitz haben wollt, dann k\u00f6nnen wir euch folgende Seiten empfehlen:<\/p>\n\n\n\n<p><a href=\"https:\/\/de.wikipedia.org\/wiki\/Deutsche_Spitze\" target=\"_blank\" rel=\"noreferrer noopener\">Wikipedia &#8222;Deutscher Spitz&#8220;<\/a><\/p>\n\n\n\n<p><a rel=\"noreferrer noopener\" href=\"https:\/\/www.g-e-h.de\/index.php\/rassebeschreibungen\/46-hunde\/87-gross-und-mittelspitz\" target=\"_blank\">Gesellschaft zur Erhaltung alter und gef\u00e4hrdeter Haustierrassen e.V. (GEH)<\/a><\/p>\n\n\n\n<p><a rel=\"noreferrer noopener\" href=\"https:\/\/deutsche-spitze.de\/gross-spitz.html\" target=\"_blank\">Verein f\u00fcr Deutsche Spitze e.V.<\/a><\/p>\n\n\n\n<p><a rel=\"noreferrer noopener\" href=\"http:\/\/www.unser-spitz.de\" target=\"_blank\">unser-spitz.de<\/a><\/p>\n\n\n\n<p><a rel=\"noreferrer noopener\" href=\"http:\/\/www.spitzliebhaberverein.de\" target=\"_blank\">Spitzliebhaberverein<\/a><\/p>\n\n\n\n<p>Eure Laggenbiene!<\/p>\n\n\n\n<p>p.s. Wie kann man so schlafen???<\/p>\n\n\n\n<figure class=\"wp-block-image size-large\"><img data-attachment-id=\"1086\" data-permalink=\"http:\/\/imkerei-watermeyer.de\/?attachment_id=1086\" data-orig-file=\"http:\/\/imkerei-watermeyer.de\/wp-content\/uploads\/2020\/12\/img_9435-scaled.jpg\" data-orig-size=\"1920,2560\" data-comments-opened=\"1\" data-image-meta=\"{&quot;aperture&quot;:&quot;1.8&quot;,&quot;credit&quot;:&quot;&quot;,&quot;camera&quot;:&quot;iPhone XS&quot;,&quot;caption&quot;:&quot;&quot;,&quot;created_timestamp&quot;:&quot;1606860443&quot;,&quot;copyright&quot;:&quot;&quot;,&quot;focal_length&quot;:&quot;4.25&quot;,&quot;iso&quot;:&quot;64&quot;,&quot;shutter_speed&quot;:&quot;0.25&quot;,&quot;title&quot;:&quot;&quot;,&quot;orientation&quot;:&quot;1&quot;}\" data-image-title=\"img_9435\" data-image-description=\"\" data-image-caption=\"&lt;p&gt;Cees schl\u00e4ft&lt;\/p&gt;\n\" data-medium-file=\"http:\/\/imkerei-watermeyer.de\/wp-content\/uploads\/2020\/12\/img_9435-225x300.jpg\" data-large-file=\"http:\/\/imkerei-watermeyer.de\/wp-content\/uploads\/2020\/12\/img_9435-scaled.jpg\" decoding=\"async\" loading=\"lazy\" width=\"1920\" height=\"2560\" src=\"http:\/\/imkerei-watermeyer.de\/wp-content\/uploads\/2020\/12\/img_9435-scaled.jpg\" alt=\"\" class=\"wp-image-1086\" srcset=\"http:\/\/imkerei-watermeyer.de\/wp-content\/uploads\/2020\/12\/img_9435-scaled.jpg 1920w, http:\/\/imkerei-watermeyer.de\/wp-content\/uploads\/2020\/12\/img_9435-225x300.jpg 225w, http:\/\/imkerei-watermeyer.de\/wp-content\/uploads\/2020\/12\/img_9435-1152x1536.jpg 1152w, http:\/\/imkerei-watermeyer.de\/wp-content\/uploads\/2020\/12\/img_9435-1536x2048.jpg 1536w, http:\/\/imkerei-watermeyer.de\/wp-content\/uploads\/2020\/12\/img_9435-1140x1520.jpg 1140w\" sizes=\"(max-width: 1920px) 100vw, 1920px\" \/><figcaption class=\"wp-element-caption\">Cees schl\u00e4ft<\/figcaption><\/figure>\n","protected":false},"excerpt":{"rendered":"<p>Unser wei\u00dfer Gro\u00dfspitzr\u00fcde Cees van Millus stammt aus der Zucht von Anny van den Boomen aus den Niederlanden. Dort wurde er am 15.08.2020 geboren. Seit langem wollten Ina und Daniel schon einen Hund haben und &#8211; durch den Hauskauf und Daniels Arbeitsplatzwechsel im Fr\u00fchjahr 2020 &#8211; war endlich die M\u00f6glichkeit [&hellip;]<\/p>\n","protected":false},"author":1,"featured_media":1171,"parent":0,"menu_order":0,"comment_status":"closed","ping_status":"closed","template":"","meta":{"jetpack_post_was_ever_published":false},"jetpack_sharing_enabled":true,"jetpack_shortlink":"https:\/\/wp.me\/P9uDaz-ht","jetpack_likes_enabled":true,"jetpack-related-posts":[{"id":36,"url":"http:\/\/imkerei-watermeyer.de\/?page_id=36","url_meta":{"origin":1083,"position":0},"title":"\u00dcber uns","author":"laggenbiene","date":"April 25, 2015","format":false,"excerpt":"Was macht die Laggenbiene? Laggenbeck als Teil von Ibbenb\u00fcren ist meine Heimat, ich fliege hier viele spannende Themen an, Spannendes aus meiner Familie Watermeyer, viele bunte Bl\u00fcten kreativen Schaffens, nachhaltigen Handelns, freudiger Ereignisse und ganz besonders die Bl\u00fcten mit besonders viel Nektar f\u00fcr unseren eigenen leckeren Honig. All das sammel\u2026","rel":"","context":"\u00c4hnlicher Beitrag","block_context":{"text":"\u00c4hnlicher Beitrag","link":""},"img":{"alt_text":"","src":"","width":0,"height":0},"classes":[]},{"id":18,"url":"http:\/\/imkerei-watermeyer.de\/?page_id=18","url_meta":{"origin":1083,"position":1},"title":"Datenschutzerkl\u00e4rung","author":"Homeraner","date":"April 25, 2015","format":false,"excerpt":"Datenschutzerkl\u00e4rung: Datenschutz Die Nutzung unserer Webseite ist in der Regel ohne Angabe personenbezogener Daten m\u00f6glich. Soweit auf unseren Seiten personenbezogene Daten (beispielsweise Name, Anschrift oder eMail-Adressen) erhoben werden, erfolgt dies, soweit m\u00f6glich, stets auf freiwilliger Basis. Diese Daten werden ohne Ihre ausdr\u00fcckliche Zustimmung nicht an Dritte weitergegeben. Wir weisen darauf\u2026","rel":"","context":"\u00c4hnlicher Beitrag","block_context":{"text":"\u00c4hnlicher Beitrag","link":""},"img":{"alt_text":"","src":"","width":0,"height":0},"classes":[]},{"id":16,"url":"http:\/\/imkerei-watermeyer.de\/?page_id=16","url_meta":{"origin":1083,"position":2},"title":"Impressum","author":"Homeraner","date":"April 25, 2015","format":false,"excerpt":"Impressum Angaben gem\u00e4\u00df \u00a7 5 TMG:Daniel Watermeyer Nibelungenberg 37 49479 Ibbenb\u00fcren Kontakt: Telefon: +49 54515417596 E-Mail: daniel@imkerei-watermeyer.de \u00a0 Quelle: http:\/\/www.e-recht24.de Haftungsausschluss (Disclaimer)Haftung f\u00fcr Inhalte Als Diensteanbieter sind wir gem\u00e4\u00df \u00a7 7 Abs.1 TMG f\u00fcr eigene Inhalte auf diesen Seiten nach den allgemeinen Gesetzen verantwortlich. Nach \u00a7\u00a7 8 bis 10 TMG\u2026","rel":"","context":"\u00c4hnlicher Beitrag","block_context":{"text":"\u00c4hnlicher Beitrag","link":""},"img":{"alt_text":"","src":"","width":0,"height":0},"classes":[]},{"id":264,"url":"http:\/\/imkerei-watermeyer.de\/?page_id=264","url_meta":{"origin":1083,"position":3},"title":"Imkerei","author":"Homeraner","date":"M\u00e4rz 15, 2016","format":false,"excerpt":"Wie mein Name Laggenbiene schon verr\u00e4t, geht es in diesem Blog um unser Leben in Laggenbeck und ein Schwerpunkt wird dabei auf der Berichterstattung \u00fcber unsere Imkerei liegen. Auf dieser Seite hier werden wir die Informationen, die wir in den Beitr\u00e4gen \u00fcber die Imkerei posten, sammeln und nach dem Werdegang\u2026","rel":"","context":"\u00c4hnlicher Beitrag","block_context":{"text":"\u00c4hnlicher Beitrag","link":""},"img":{"alt_text":"","src":"https:\/\/i0.wp.com\/imkerei-watermeyer.de\/wp-content\/uploads\/2017\/08\/img_3628.jpg?resize=350%2C200","width":350,"height":200,"srcset":"https:\/\/i0.wp.com\/imkerei-watermeyer.de\/wp-content\/uploads\/2017\/08\/img_3628.jpg?resize=350%2C200 1x, https:\/\/i0.wp.com\/imkerei-watermeyer.de\/wp-content\/uploads\/2017\/08\/img_3628.jpg?resize=700%2C400 2x"},"classes":[]},{"id":1049,"url":"http:\/\/imkerei-watermeyer.de\/?page_id=1049","url_meta":{"origin":1083,"position":4},"title":"Instagram","author":"laggenbiene","date":"Juni 28, 2020","format":false,"excerpt":"Hier findet ihr den Instagram-Auftritt der Laggenbiene: https:\/\/www.instagram.com\/laggenbiene\/","rel":"","context":"\u00c4hnlicher Beitrag","block_context":{"text":"\u00c4hnlicher Beitrag","link":""},"img":{"alt_text":"","src":"https:\/\/i0.wp.com\/imkerei-watermeyer.de\/wp-content\/uploads\/2020\/06\/img_7720.jpg?resize=350%2C200","width":350,"height":200,"srcset":"https:\/\/i0.wp.com\/imkerei-watermeyer.de\/wp-content\/uploads\/2020\/06\/img_7720.jpg?resize=350%2C200 1x, https:\/\/i0.wp.com\/imkerei-watermeyer.de\/wp-content\/uploads\/2020\/06\/img_7720.jpg?resize=700%2C400 2x, https:\/\/i0.wp.com\/imkerei-watermeyer.de\/wp-content\/uploads\/2020\/06\/img_7720.jpg?resize=1050%2C600 3x"},"classes":[]}],"_links":{"self":[{"href":"http:\/\/imkerei-watermeyer.de\/index.php?rest_route=\/wp\/v2\/pages\/1083"}],"collection":[{"href":"http:\/\/imkerei-watermeyer.de\/index.php?rest_route=\/wp\/v2\/pages"}],"about":[{"href":"http:\/\/imkerei-watermeyer.de\/index.php?rest_route=\/wp\/v2\/types\/page"}],"author":[{"embeddable":true,"href":"http:\/\/imkerei-watermeyer.de\/index.php?rest_route=\/wp\/v2\/users\/1"}],"replies":[{"embeddable":true,"href":"http:\/\/imkerei-watermeyer.de\/index.php?rest_route=%2Fwp%2Fv2%2Fcomments&post=1083"}],"version-history":[{"count":11,"href":"http:\/\/imkerei-watermeyer.de\/index.php?rest_route=\/wp\/v2\/pages\/1083\/revisions"}],"predecessor-version":[{"id":1235,"href":"http:\/\/imkerei-watermeyer.de\/index.php?rest_route=\/wp\/v2\/pages\/1083\/revisions\/1235"}],"wp:featuredmedia":[{"embeddable":true,"href":"http:\/\/imkerei-watermeyer.de\/index.php?rest_route=\/wp\/v2\/media\/1171"}],"wp:attachment":[{"href":"http:\/\/imkerei-watermeyer.de\/index.php?rest_route=%2Fwp%2Fv2%2Fmedia&parent=1083"}],"curies":[{"name":"wp","href":"https:\/\/api.w.org\/{rel}","templated":true}]}}